{"id":7473,"date":"2025-07-18T20:43:46","date_gmt":"2025-07-18T19:43:46","guid":{"rendered":"https:\/\/babylove.se\/produkt\/babygym-i-tra-varm-gra-sebra\/"},"modified":"2026-04-08T08:37:25","modified_gmt":"2026-04-08T07:37:25","slug":"babygym-i-tre-varm-gra-sebra","status":"publish","type":"product","link":"https:\/\/babylove.se\/no\/produkt\/babygym-i-tre-varm-gra-sebra\/","title":{"rendered":"Babygym i tre varm gr\u00e5, Sebra"},"content":{"rendered":"<p><strong>Babygym i tre varm gr\u00e5, Sebra &#8211; sendes innen 24 timer!<\/strong><\/p>\n<p>En prisvinner til i v\u00e5rt sortiment, denne babygymen fra Sebra vant pris i Red Dot Award 2016, som er en stor internasjonal konkurranse hvor utallige selskaper viser frem sine produkter for vurdering av en meget kresne jury. Vi er stolte over \u00e5 kunne tilby dette produktet til v\u00e5re kunder.<\/p>\n<p>Denne babygymen i dansk design fra Sebra er helt laget i tre og med formen av en bue som er tenkt \u00e5 skape en trygg atmosf\u00e6re rundt barnet. Babygymen er utviklet helt etter barnets behov og forutsetninger, dette for \u00e5 stimulere b\u00e5de motorikk og l\u00e6ring, samtidig som barnet har det g\u00f8y og leker. I babygymens bue henger \u00e5tte sensoriske leker som ditt barn kan pr\u00f8ve \u00e5 n\u00e5 og gripe. Lekene har forskjellig farge og form for \u00e5 gi barnet flere inntrykk.<\/p>\n<p>Babygymen er testet i henhold til gjeldende EU-direktiv og oppfyller alle sikkerhetskrav. Med sin stilrene design og vakre farger, passer den hvor som helst i ditt hjem.<\/p>\n<p><strong>Materiale<\/strong>: Tre<\/p>\n<p><strong>M\u00e5l<\/strong>: L55cm B55cm H84cm<\/p>\n<p>Designer: <a href=\"https:\/\/babylove.se\/varumarken\/sebra\"><u>Sebra<\/u><\/a><\/p>\n","protected":false},"excerpt":{"rendered":"<p>Babygym i tre varm gr\u00e5, Sebra &#8211; sendes innen 24 timer! En prisvinner til i v\u00e5rt sortiment, denne babygymen fra Sebra vant pris i Red Dot Award 2016, som er en stor internasjonal konkurranse hvor utallige selskaper viser frem sine produkter for vurdering av en meget kresne jury. Vi er stolte over \u00e5 kunne tilby [&hellip;]<\/p>\n","protected":false},"featured_media":7475,"comment_status":"closed","ping_status":"open","template":"","meta":{"_acf_changed":false},"product_brand":[160],"product_cat":[63,52,161,48,112],"product_tag":[1689],"class_list":{"0":"post-7473","1":"product","2":"type-product","3":"status-publish","4":"has-post-thumbnail","6":"product_brand-sebra","7":"product_cat-babygym","8":"product_cat-lekematter","9":"product_cat-sebra","10":"product_cat-startside","11":"product_cat-treleker","12":"product_tag-bestillingsvaror","14":"first","15":"outofstock","16":"taxable","17":"shipping-taxable","18":"purchasable","19":"product-type-simple"},"acf":[],"yoast_head":"<!-- This site is optimized with the Yoast SEO Premium plugin v25.8 (Yoast SEO v27.2) - https:\/\/yoast.com\/product\/yoast-seo-premium-wordpress\/ -->\n<title>Babygym i tre varm gr\u00e5, Sebra - Babylove Norska<\/title>\n<meta name=\"description\" content=\"Detta babygym i dansk design fr\u00e5n Sebra \u00e4r helt gjort i tr\u00e4 och med formen av en b\u00e5ge som \u00e4r t\u00e4nkt att skapa en trygg atmosf\u00e4r runt barnet- K\u00f6p den h\u00e4r-\" \/>\n<meta name=\"robots\" content=\"noindex, follow, max-snippet:-1, max-image-preview:large, max-video-preview:-1\" \/>\n<meta property=\"og:locale\" content=\"nb_NO\" \/>\n<meta property=\"og:type\" content=\"article\" \/>\n<meta property=\"og:title\" content=\"Babygym i tre varm gr\u00e5, Sebra\" \/>\n<meta property=\"og:description\" content=\"Detta babygym i dansk design fr\u00e5n Sebra \u00e4r helt gjort i tr\u00e4 och med formen av en b\u00e5ge som \u00e4r t\u00e4nkt att skapa en trygg atmosf\u00e4r runt barnet- K\u00f6p den h\u00e4r-\" \/>\n<meta property=\"og:url\" content=\"https:\/\/babylove.se\/no\/produkt\/babygym-i-tre-varm-gra-sebra\/\" \/>\n<meta property=\"og:site_name\" content=\"Babylove Norska\" \/>\n<meta property=\"article:modified_time\" content=\"2026-04-08T07:37:25+00:00\" \/>\n<meta property=\"og:image\" content=\"https:\/\/babylove.se\/no\/wp-content\/uploads\/sites\/3\/2025\/07\/5bb5fd8f7ce30.jpeg\" \/>\n\t<meta property=\"og:image:width\" content=\"750\" \/>\n\t<meta property=\"og:image:height\" content=\"750\" \/>\n\t<meta property=\"og:image:type\" content=\"image\/jpeg\" \/>\n<meta name=\"twitter:card\" content=\"summary_large_image\" \/>\n<meta name=\"twitter:label1\" content=\"Price\" \/>\n\t<meta name=\"twitter:data1\" content=\"1 295,00&nbsp;&#107;&#114;\" \/>\n\t<meta name=\"twitter:label2\" content=\"Availability\" \/>\n\t<meta name=\"twitter:data2\" content=\"Out of stock\" \/>\n<script type=\"application\/ld+json\" class=\"yoast-schema-graph\">{\"@context\":\"https:\/\/schema.org\",\"@graph\":[{\"@type\":\"WebPage\",\"@id\":\"https:\/\/babylove.se\/no\/produkt\/babygym-i-tre-varm-gra-sebra\/\",\"url\":\"https:\/\/babylove.se\/no\/produkt\/babygym-i-tre-varm-gra-sebra\/\",\"name\":\"Babygym i tre varm gr\u00e5, Sebra - Babylove Norska\",\"isPartOf\":{\"@id\":\"https:\/\/babylove.se\/no\/#website\"},\"primaryImageOfPage\":{\"@id\":\"https:\/\/babylove.se\/no\/produkt\/babygym-i-tre-varm-gra-sebra\/#primaryimage\"},\"image\":{\"@id\":\"https:\/\/babylove.se\/no\/produkt\/babygym-i-tre-varm-gra-sebra\/#primaryimage\"},\"thumbnailUrl\":\"https:\/\/babylove.se\/no\/wp-content\/uploads\/sites\/3\/2025\/07\/5bb5fd8f7ce30.jpeg\",\"datePublished\":\"2025-07-18T19:43:46+00:00\",\"dateModified\":\"2026-04-08T07:37:25+00:00\",\"description\":\"Detta babygym i dansk design fr\u00e5n Sebra \u00e4r helt gjort i tr\u00e4 och med formen av en b\u00e5ge som \u00e4r t\u00e4nkt att skapa en trygg atmosf\u00e4r runt barnet- K\u00f6p den h\u00e4r-\",\"breadcrumb\":{\"@id\":\"https:\/\/babylove.se\/no\/produkt\/babygym-i-tre-varm-gra-sebra\/#breadcrumb\"},\"inLanguage\":\"nb-NO\",\"potentialAction\":[{\"@type\":\"ReadAction\",\"target\":[\"https:\/\/babylove.se\/no\/produkt\/babygym-i-tre-varm-gra-sebra\/\"]}]},{\"@type\":\"ImageObject\",\"inLanguage\":\"nb-NO\",\"@id\":\"https:\/\/babylove.se\/no\/produkt\/babygym-i-tre-varm-gra-sebra\/#primaryimage\",\"url\":\"https:\/\/babylove.se\/no\/wp-content\/uploads\/sites\/3\/2025\/07\/5bb5fd8f7ce30.jpeg\",\"contentUrl\":\"https:\/\/babylove.se\/no\/wp-content\/uploads\/sites\/3\/2025\/07\/5bb5fd8f7ce30.jpeg\",\"width\":750,\"height\":750},{\"@type\":\"BreadcrumbList\",\"@id\":\"https:\/\/babylove.se\/no\/produkt\/babygym-i-tre-varm-gra-sebra\/#breadcrumb\",\"itemListElement\":[{\"@type\":\"ListItem\",\"position\":1,\"name\":\"Hem\",\"item\":\"https:\/\/babylove.se\/no\/\"},{\"@type\":\"ListItem\",\"position\":2,\"name\":\"Butik\",\"item\":\"https:\/\/babylove.se\/no\/butik\/\"},{\"@type\":\"ListItem\",\"position\":3,\"name\":\"Babygym i tre varm gr\u00e5, Sebra\"}]},{\"@type\":\"WebSite\",\"@id\":\"https:\/\/babylove.se\/no\/#website\",\"url\":\"https:\/\/babylove.se\/no\/\",\"name\":\"Babylove Norska\",\"description\":\"\",\"potentialAction\":[{\"@type\":\"SearchAction\",\"target\":{\"@type\":\"EntryPoint\",\"urlTemplate\":\"https:\/\/babylove.se\/no\/?s={search_term_string}\"},\"query-input\":{\"@type\":\"PropertyValueSpecification\",\"valueRequired\":true,\"valueName\":\"search_term_string\"}}],\"inLanguage\":\"nb-NO\"}]}<\/script>\n<meta property=\"product:brand\" content=\"Sebra\" \/>\n<meta property=\"product:price:amount\" content=\"1295.00\" \/>\n<meta property=\"product:price:currency\" content=\"SEK\" \/>\n<meta property=\"og:availability\" content=\"out of stock\" \/>\n<meta property=\"product:availability\" content=\"out of stock\" \/>\n<meta property=\"product:retailer_item_id\" content=\"2146\" \/>\n<meta property=\"product:condition\" content=\"new\" \/>\n<!-- \/ Yoast SEO Premium plugin. -->","yoast_head_json":{"title":"Babygym i tre varm gr\u00e5, Sebra - Babylove Norska","description":"Detta babygym i dansk design fr\u00e5n Sebra \u00e4r helt gjort i tr\u00e4 och med formen av en b\u00e5ge som \u00e4r t\u00e4nkt att skapa en trygg atmosf\u00e4r runt barnet- K\u00f6p den h\u00e4r-","robots":{"index":"noindex","follow":"follow","max-snippet":"max-snippet:-1","max-image-preview":"max-image-preview:large","max-video-preview":"max-video-preview:-1"},"og_locale":"nb_NO","og_type":"article","og_title":"Babygym i tre varm gr\u00e5, Sebra","og_description":"Detta babygym i dansk design fr\u00e5n Sebra \u00e4r helt gjort i tr\u00e4 och med formen av en b\u00e5ge som \u00e4r t\u00e4nkt att skapa en trygg atmosf\u00e4r runt barnet- K\u00f6p den h\u00e4r-","og_url":"https:\/\/babylove.se\/no\/produkt\/babygym-i-tre-varm-gra-sebra\/","og_site_name":"Babylove Norska","article_modified_time":"2026-04-08T07:37:25+00:00","og_image":[{"width":750,"height":750,"url":"https:\/\/babylove.se\/no\/wp-content\/uploads\/sites\/3\/2025\/07\/5bb5fd8f7ce30.jpeg","type":"image\/jpeg"}],"twitter_card":"summary_large_image","twitter_misc":{"Price":"1 295,00&nbsp;&#107;&#114;","Availability":"Out of stock"},"schema":{"@context":"https:\/\/schema.org","@graph":[{"@type":"WebPage","@id":"https:\/\/babylove.se\/no\/produkt\/babygym-i-tre-varm-gra-sebra\/","url":"https:\/\/babylove.se\/no\/produkt\/babygym-i-tre-varm-gra-sebra\/","name":"Babygym i tre varm gr\u00e5, Sebra - Babylove Norska","isPartOf":{"@id":"https:\/\/babylove.se\/no\/#website"},"primaryImageOfPage":{"@id":"https:\/\/babylove.se\/no\/produkt\/babygym-i-tre-varm-gra-sebra\/#primaryimage"},"image":{"@id":"https:\/\/babylove.se\/no\/produkt\/babygym-i-tre-varm-gra-sebra\/#primaryimage"},"thumbnailUrl":"https:\/\/babylove.se\/no\/wp-content\/uploads\/sites\/3\/2025\/07\/5bb5fd8f7ce30.jpeg","datePublished":"2025-07-18T19:43:46+00:00","dateModified":"2026-04-08T07:37:25+00:00","description":"Detta babygym i dansk design fr\u00e5n Sebra \u00e4r helt gjort i tr\u00e4 och med formen av en b\u00e5ge som \u00e4r t\u00e4nkt att skapa en trygg atmosf\u00e4r runt barnet- K\u00f6p den h\u00e4r-","breadcrumb":{"@id":"https:\/\/babylove.se\/no\/produkt\/babygym-i-tre-varm-gra-sebra\/#breadcrumb"},"inLanguage":"nb-NO","potentialAction":[{"@type":"ReadAction","target":["https:\/\/babylove.se\/no\/produkt\/babygym-i-tre-varm-gra-sebra\/"]}]},{"@type":"ImageObject","inLanguage":"nb-NO","@id":"https:\/\/babylove.se\/no\/produkt\/babygym-i-tre-varm-gra-sebra\/#primaryimage","url":"https:\/\/babylove.se\/no\/wp-content\/uploads\/sites\/3\/2025\/07\/5bb5fd8f7ce30.jpeg","contentUrl":"https:\/\/babylove.se\/no\/wp-content\/uploads\/sites\/3\/2025\/07\/5bb5fd8f7ce30.jpeg","width":750,"height":750},{"@type":"BreadcrumbList","@id":"https:\/\/babylove.se\/no\/produkt\/babygym-i-tre-varm-gra-sebra\/#breadcrumb","itemListElement":[{"@type":"ListItem","position":1,"name":"Hem","item":"https:\/\/babylove.se\/no\/"},{"@type":"ListItem","position":2,"name":"Butik","item":"https:\/\/babylove.se\/no\/butik\/"},{"@type":"ListItem","position":3,"name":"Babygym i tre varm gr\u00e5, Sebra"}]},{"@type":"WebSite","@id":"https:\/\/babylove.se\/no\/#website","url":"https:\/\/babylove.se\/no\/","name":"Babylove Norska","description":"","potentialAction":[{"@type":"SearchAction","target":{"@type":"EntryPoint","urlTemplate":"https:\/\/babylove.se\/no\/?s={search_term_string}"},"query-input":{"@type":"PropertyValueSpecification","valueRequired":true,"valueName":"search_term_string"}}],"inLanguage":"nb-NO"}]},"product_brand":"Sebra","product_price_amount":"1295.00","product_price_currency":"SEK","og_availability":"out of stock","product_availability":"out of stock","product_retailer_item_id":"2146","product_condition":"new"},"_links":{"self":[{"href":"https:\/\/babylove.se\/no\/wp-json\/wp\/v2\/product\/7473","targetHints":{"allow":["GET"]}}],"collection":[{"href":"https:\/\/babylove.se\/no\/wp-json\/wp\/v2\/product"}],"about":[{"href":"https:\/\/babylove.se\/no\/wp-json\/wp\/v2\/types\/product"}],"replies":[{"embeddable":true,"href":"https:\/\/babylove.se\/no\/wp-json\/wp\/v2\/comments?post=7473"}],"wp:featuredmedia":[{"embeddable":true,"href":"https:\/\/babylove.se\/no\/wp-json\/wp\/v2\/media\/7475"}],"wp:attachment":[{"href":"https:\/\/babylove.se\/no\/wp-json\/wp\/v2\/media?parent=7473"}],"wp:term":[{"taxonomy":"product_brand","embeddable":true,"href":"https:\/\/babylove.se\/no\/wp-json\/wp\/v2\/product_brand?post=7473"},{"taxonomy":"product_cat","embeddable":true,"href":"https:\/\/babylove.se\/no\/wp-json\/wp\/v2\/product_cat?post=7473"},{"taxonomy":"product_tag","embeddable":true,"href":"https:\/\/babylove.se\/no\/wp-json\/wp\/v2\/product_tag?post=7473"}],"curies":[{"name":"wp","href":"https:\/\/api.w.org\/{rel}","templated":true}]}}